{"id":11659,"date":"2026-01-13T14:04:56","date_gmt":"2026-01-13T13:04:56","guid":{"rendered":"https:\/\/vivace-freiburg.org\/events\/allevi-zurueck-ins-leben\/"},"modified":"2026-01-13T14:27:24","modified_gmt":"2026-01-13T13:27:24","slug":"allevi-zurueck-ins-leben","status":"publish","type":"mep_events","link":"https:\/\/vivace-freiburg.org\/de\/events\/allevi-zurueck-ins-leben\/","title":{"rendered":"Allevi &#8211; Zur\u00fcck ins Leben"},"content":{"rendered":"<p>Musik als R\u00fcckkehr. Zum Leben, auch vor der B\u00fchne. <\/p>\n<p>Allevi &#8211; Back to Life, unter der Regie von Simone Valentini, ist ein intensiver und notwendiger Dokumentarfilm \u00fcber Giovanni Allevi.<\/p>\n<p>Es ist keine feierliche Geschichte, sondern ein \u00dcbergang.<br \/>\nDer Film verfolgt die R\u00fcckkehr zur Musik &#8211; und zum Leben &#8211; nach einer Zeit tiefster Zerbrechlichkeit und konzentriert sich dabei auf den K\u00f6rper, die Stille und das Warten. Und dann der Klang, der sich langsam seinen Weg zur\u00fcck bahnt. <\/p>\n<p>Durch pers\u00f6nliche Bilder, Konzerte und Momente der Reflexion wird die Musik zu dem, was sie wirklich ist: Lebenskraft, t\u00e4glicher Widerstand, konkrete M\u00f6glichkeit der Wiedergeburt. Ohne Rhetorik. Ohne Abk\u00fcrzungen.  <\/p>\n<p>Die Vorf\u00fchrung wird von der Anwesenheit des K\u00fcnstlers im Saal begleitet: Giovanni Allevi teilt diese menschliche und kreative Reise und er\u00f6ffnet einen direkten und aufrichtigen Dialog mit dem Publikum.<\/p>\n<p>Ein Abend des Kinos und des H\u00f6rens, an dem Musik nicht nur gespielt, sondern auch erz\u00e4hlt und gelebt wird.<\/p>\n<p>Ein Film, der nicht um Applaus bittet.<br \/>\nEr bittet um Aufmerksamkeit. Und Zeit. <\/p>\n","protected":false},"excerpt":{"rendered":"<p>Musik als R\u00fcckkehr. Zum Leben, auch vor der B\u00fchne. Allevi &#8211; Back to Life, unter der Regie von Simone Valentini, ist ein intensiver und notwendiger Dokumentarfilm \u00fcber Giovanni Allevi. Es ist keine feierliche Geschichte, sondern ein \u00dcbergang. Der Film verfolgt die R\u00fcckkehr zur Musik &#8211; und zum Leben &#8211; nach einer Zeit tiefster Zerbrechlichkeit und [&hellip;]<\/p>\n","protected":false},"author":47,"featured_media":11654,"template":"","meta":{"_acf_changed":false,"ngg_post_thumbnail":0},"product_cat":[],"mep_cat":[142,145],"mep_org":[],"mep_tag":[],"class_list":["post-11659","mep_events","type-mep_events","status-publish","has-post-thumbnail","hentry","mep_cat-kulturveranstaltung","mep_cat-vivacine"],"acf":[],"event_informations":{"_tax_status":["none"],"link_wc_product":["11660"],"check_if_run_once":["1"],"_last_translation_edit_mode":["translation-editor"],"_sku":[""],"_sold_individually":["no"],"_tax_class":[""],"_virtual":["yes"],"_price":["0"],"_top_nav_excluded":[""],"_cms_nav_minihome":[""],"_wp_page_template":["default"],"jupiterx_header":["1"],"jupiterx_header_overlap":["global"],"jupiterx_header_type":["global"],"jupiterx_header_behavior":["global"],"jupiterx_layout":["global"],"jupiterx_content_full_width":["0"],"jupiterx_sidebar_primary":["global"],"jupiterx_sidebar_secondary":["global"],"jupiterx_post_featured_image":["global"],"jupiterx_post_comments":["global"],"jupiterx_main_background_color":[""],"jupiterx_main_background_image":[""],"jupiterx_main_background_position":[""],"jupiterx_main_background_repeat":[""],"jupiterx_main_background_attachment":[""],"jupiterx_main_background_size":[""],"jupiterx_main_background":[""],"jupiterx_main_spacing_padding_top":[""],"jupiterx_main_spacing_padding_right":[""],"jupiterx_main_spacing_padding_bottom":[""],"jupiterx_main_spacing_padding_left":[""],"jupiterx_main_spacing_margin_top":[""],"jupiterx_main_spacing_margin_right":[""],"jupiterx_main_spacing_margin_bottom":[""],"jupiterx_main_spacing_margin_left":[""],"jupiterx_main_spacing":[""],"jupiterx_title_bar_title":["global"],"jupiterx_title_bar_breadcrumb":["global"],"jupiterx_footer_type":["global"],"jupiterx_footer_widget_area":["global"],"jupiterx_footer_sub":["global"],"jupiterx_footer_behavior":["global"],"jupiterx_post_meta":["global"],"jupiterx_post_tags":["global"],"jupiterx_post_social_share":["global"],"jupiterx_post_author_box":["global"],"jupiterx_post_related_posts":["global"],"_thumbnail_id":["11654"],"_wpml_word_count":["190"],"_wpml_media_duplicate":["0"],"_wpml_media_featured":["0"],"location_name":["Kommunales Kino Urachstra\u00dfe Freiburg im BreisgauS\u00fcd Deutschland"],"mep_event_date_format":["benutzerdefinierte"],"mep_event_time_format":["H:i"],"mep_event_custom_date_format":["j F Y"],"mep_custom_event_time_format":["g:i a"],"mep_time_zone_display":["keine"],"mep_show_end_datetime":["ja"],"mep_rich_text_status":["enable"],"mep_available_seat":["aus"],"mep_reg_status":["auf"],"mep_show_advance_col_status":["aus"],"mep_enable_custom_dt_format":["aus"],"mep_rt_event_status":["EventRescheduled"],"mep_rt_event_attandence_mode":["OfflineEventAttendanceMode"],"mep_rt_event_prvdate":["2026-01-22 17:00:00"],"mep_event_template":["standard-theme.php"],"event_start_date":["2026-01-22"],"event_start_time":["17:00"],"event_end_date":["2026-01-22"],"event_end_time":["20:00"],"event_start_datetime":["2026-01-22 17:00:00"],"event_end_datetime":["2026-01-22 20:00:00"],"event_expire_datetime":["2026-01-22 20:00:00"],"longitude":["7.8535403"],"latitude":["47.9848058"],"mep_location_venue":["Kommunales Kino"],"mep_city":["Freiburg im Breisgau"],"mep_postcode":["79102"],"mep_sgm":["1"],"mep_member_only_user_role":["a:1:{i:0;s:4:\"alle\";}"],"mep_member_only_event":["f\u00fcr_alle"],"mep_event_type":["offline"],"event_upcoming_datetime":["2026-01-22 20:00:00"],"_eael_post_view_count":["91"],"_elementor_page_assets":["a:0:{}"],"event_feature_image":"https:\/\/vivace-freiburg.org\/wp-content\/uploads\/WhatsApp-Image-2026-01-12-at-18.13.56-1-1.jpeg"},"_links":{"self":[{"href":"https:\/\/vivace-freiburg.org\/de\/wp-json\/wp\/v2\/mep_events\/11659","targetHints":{"allow":["GET"]}}],"collection":[{"href":"https:\/\/vivace-freiburg.org\/de\/wp-json\/wp\/v2\/mep_events"}],"about":[{"href":"https:\/\/vivace-freiburg.org\/de\/wp-json\/wp\/v2\/types\/mep_events"}],"author":[{"embeddable":true,"href":"https:\/\/vivace-freiburg.org\/de\/wp-json\/wp\/v2\/users\/47"}],"version-history":[{"count":1,"href":"https:\/\/vivace-freiburg.org\/de\/wp-json\/wp\/v2\/mep_events\/11659\/revisions"}],"predecessor-version":[{"id":11661,"href":"https:\/\/vivace-freiburg.org\/de\/wp-json\/wp\/v2\/mep_events\/11659\/revisions\/11661"}],"wp:featuredmedia":[{"embeddable":true,"href":"https:\/\/vivace-freiburg.org\/de\/wp-json\/wp\/v2\/media\/11654"}],"wp:attachment":[{"href":"https:\/\/vivace-freiburg.org\/de\/wp-json\/wp\/v2\/media?parent=11659"}],"wp:term":[{"taxonomy":"product_cat","embeddable":true,"href":"https:\/\/vivace-freiburg.org\/de\/wp-json\/wp\/v2\/product_cat?post=11659"},{"taxonomy":"mep_cat","embeddable":true,"href":"https:\/\/vivace-freiburg.org\/de\/wp-json\/wp\/v2\/mep_cat?post=11659"},{"taxonomy":"mep_org","embeddable":true,"href":"https:\/\/vivace-freiburg.org\/de\/wp-json\/wp\/v2\/mep_org?post=11659"},{"taxonomy":"mep_tag","embeddable":true,"href":"https:\/\/vivace-freiburg.org\/de\/wp-json\/wp\/v2\/mep_tag?post=11659"}],"curies":[{"name":"wp","href":"https:\/\/api.w.org\/{rel}","templated":true}]}}