{"id":13408,"date":"2026-04-09T22:00:12","date_gmt":"2026-04-09T20:00:12","guid":{"rendered":"https:\/\/vivace-freiburg.org\/events\/gesundheit-im-dialog-gesundheit-identitaet-und-dienstleistungen-fuer-ein-gutes-leben-in-deutschland\/"},"modified":"2026-04-10T10:23:04","modified_gmt":"2026-04-10T08:23:04","slug":"gesundheit-im-dialog-gesundheit-identitaet-und-dienstleistungen-fuer-ein-gutes-leben-in-deutschland","status":"publish","type":"mep_events","link":"https:\/\/vivace-freiburg.org\/de\/events\/gesundheit-im-dialog-gesundheit-identitaet-und-dienstleistungen-fuer-ein-gutes-leben-in-deutschland\/","title":{"rendered":"Gesundheit im Dialog &#8211; Gesundheit, Identit\u00e4t und Dienstleistungen f\u00fcr ein gutes Leben in Deutschland"},"content":{"rendered":"<p>Samstag, 18. April 2026 &#8211; 17 Uhr Veranstaltung in Zusammenarbeit mit den Freiburger Comites<br \/>\nGesundheit im Dialog &#8211; Gesundheit, Identit\u00e4t und Dienstleistungen f\u00fcr ein gutes Leben in Deutschland<br \/>\n\ud83d\udccd Vivace Freiburg, Wallstra\u00dfe 15, Freiburg<br \/>\nEin konkreter und menschlicher Raum zur Orientierung \u00fcber Gesundheit, Wohlbefinden und Dienstleistungen in der Region. N\u00fctzliche Informationen, kompetente Stimmen und das Vergn\u00fcgen eines Treffens, das wirklich f\u00fcr die Gemeinschaft gedacht ist, mit einem Aperitif und Babysitting. <\/p>\n","protected":false},"excerpt":{"rendered":"<p>Samstag, 18. April 2026 &#8211; 17 Uhr Veranstaltung in Zusammenarbeit mit den Freiburger Comites Gesundheit im Dialog &#8211; Gesundheit, Identit\u00e4t und Dienstleistungen f\u00fcr ein gutes Leben in Deutschland \ud83d\udccd Vivace Freiburg, Wallstra\u00dfe 15, Freiburg Ein konkreter und menschlicher Raum zur Orientierung \u00fcber Gesundheit, Wohlbefinden und Dienstleistungen in der Region. N\u00fctzliche Informationen, kompetente Stimmen und das [&hellip;]<\/p>\n","protected":false},"author":12,"featured_media":13395,"template":"","meta":{"_acf_changed":false,"ngg_post_thumbnail":0},"product_cat":[74],"mep_cat":[142],"mep_org":[282,163],"mep_tag":[],"class_list":["post-13408","mep_events","type-mep_events","status-publish","has-post-thumbnail","hentry","product_cat-kulturveranstaltung","mep_cat-kulturveranstaltung","mep_org-freiburg-komitees","mep_org-vivace-freiburg"],"acf":[],"event_informations":{"_tax_status":["none"],"link_wc_product":["13409"],"check_if_run_once":["1"],"_last_translation_edit_mode":["translation-editor"],"_sku":[""],"_sold_individually":["no"],"_tax_class":[""],"_virtual":["yes"],"_price":["0"],"_wpml_media_duplicate":["1"],"_wpml_media_featured":["1"],"_top_nav_excluded":[""],"_cms_nav_minihome":[""],"_wp_page_template":["default"],"location_name":["VivaceFreiburg eV Wallstra\u00dfe Freiburg im Breisgau Deutschland"],"jupiterx_header":["1"],"jupiterx_header_overlap":["global"],"jupiterx_header_type":["global"],"jupiterx_header_behavior":["global"],"jupiterx_layout":["global"],"jupiterx_content_full_width":["0"],"jupiterx_sidebar_primary":["global"],"jupiterx_sidebar_secondary":["global"],"jupiterx_post_featured_image":["global"],"jupiterx_post_comments":["global"],"jupiterx_main_background_color":[""],"jupiterx_main_background_image":[""],"jupiterx_main_background_position":[""],"jupiterx_main_background_repeat":[""],"jupiterx_main_background_attachment":[""],"jupiterx_main_background_size":[""],"jupiterx_main_background":[""],"jupiterx_main_spacing_padding_top":[""],"jupiterx_main_spacing_padding_right":[""],"jupiterx_main_spacing_padding_bottom":[""],"jupiterx_main_spacing_padding_left":[""],"jupiterx_main_spacing_margin_top":[""],"jupiterx_main_spacing_margin_right":[""],"jupiterx_main_spacing_margin_bottom":[""],"jupiterx_main_spacing_margin_left":[""],"jupiterx_main_spacing":[""],"jupiterx_title_bar_title":["global"],"jupiterx_title_bar_breadcrumb":["global"],"jupiterx_footer_type":["global"],"jupiterx_footer_widget_area":["global"],"jupiterx_footer_sub":["global"],"jupiterx_footer_behavior":["global"],"jupiterx_post_meta":["global"],"jupiterx_post_tags":["global"],"jupiterx_post_social_share":["global"],"jupiterx_post_author_box":["global"],"jupiterx_post_related_posts":["global"],"_thumbnail_id":["13395"],"_wpml_word_count":["107"],"mep_time_zone_display":["W\u00e4hlen Sie ..."],"mep_show_end_datetime":["ja"],"mep_rich_text_status":["enable"],"mep_available_seat":["auf"],"mep_reg_status":["aus"],"mep_show_advance_col_status":["aus"],"mep_enable_custom_dt_format":["aus"],"mep_rt_event_status":["EventRescheduled"],"mep_rt_event_attandence_mode":["OfflineEventAttendanceMode"],"mep_rt_event_prvdate":["2026-04-18 17:00:00"],"mep_event_template":["standard-theme.php"],"event_start_date":["2026-04-18"],"event_start_time":["17:00"],"event_end_date":["2026-04-18"],"event_end_time":["19:00"],"event_start_datetime":["2026-04-18 17:00:00"],"event_end_datetime":["2026-04-18 19:00:00"],"event_expire_datetime":["2026-04-18 19:00:00"],"longitude":["7.854195600000001"],"latitude":["47.991904"],"mep_location_venue":["Lebendiges Freiburg e.V."],"mep_city":["Freiburg"],"mep_postcode":["79098"],"mep_sgm":["1"],"mep_member_only_user_role":["a:1:{i:0;s:4:\"alle\";}"],"mep_member_only_event":["f\u00fcr_alle"],"mep_event_type":["offline"],"event_upcoming_datetime":["2026-04-18 19:00:00"],"_eael_post_view_count":["19"],"_elementor_page_assets":["a:0:{}"],"event_feature_image":"https:\/\/vivace-freiburg.org\/wp-content\/uploads\/WhatsApp-Image-2026-04-09-at-11.07.02-1.jpeg"},"_links":{"self":[{"href":"https:\/\/vivace-freiburg.org\/de\/wp-json\/wp\/v2\/mep_events\/13408","targetHints":{"allow":["GET"]}}],"collection":[{"href":"https:\/\/vivace-freiburg.org\/de\/wp-json\/wp\/v2\/mep_events"}],"about":[{"href":"https:\/\/vivace-freiburg.org\/de\/wp-json\/wp\/v2\/types\/mep_events"}],"author":[{"embeddable":true,"href":"https:\/\/vivace-freiburg.org\/de\/wp-json\/wp\/v2\/users\/12"}],"version-history":[{"count":1,"href":"https:\/\/vivace-freiburg.org\/de\/wp-json\/wp\/v2\/mep_events\/13408\/revisions"}],"predecessor-version":[{"id":13458,"href":"https:\/\/vivace-freiburg.org\/de\/wp-json\/wp\/v2\/mep_events\/13408\/revisions\/13458"}],"wp:featuredmedia":[{"embeddable":true,"href":"https:\/\/vivace-freiburg.org\/de\/wp-json\/wp\/v2\/media\/13395"}],"wp:attachment":[{"href":"https:\/\/vivace-freiburg.org\/de\/wp-json\/wp\/v2\/media?parent=13408"}],"wp:term":[{"taxonomy":"product_cat","embeddable":true,"href":"https:\/\/vivace-freiburg.org\/de\/wp-json\/wp\/v2\/product_cat?post=13408"},{"taxonomy":"mep_cat","embeddable":true,"href":"https:\/\/vivace-freiburg.org\/de\/wp-json\/wp\/v2\/mep_cat?post=13408"},{"taxonomy":"mep_org","embeddable":true,"href":"https:\/\/vivace-freiburg.org\/de\/wp-json\/wp\/v2\/mep_org?post=13408"},{"taxonomy":"mep_tag","embeddable":true,"href":"https:\/\/vivace-freiburg.org\/de\/wp-json\/wp\/v2\/mep_tag?post=13408"}],"curies":[{"name":"wp","href":"https:\/\/api.w.org\/{rel}","templated":true}]}}