{"id":9813,"date":"2025-06-20T16:31:21","date_gmt":"2025-06-20T14:31:21","guid":{"rendered":"https:\/\/vivace-freiburg.org\/events\/trio-filia-klaviertrios-kammermusik\/"},"modified":"2025-06-20T16:31:21","modified_gmt":"2025-06-20T14:31:21","slug":"trio-filia-klaviertrios-kammermusik","status":"publish","type":"mep_events","link":"https:\/\/vivace-freiburg.org\/de\/events\/trio-filia-klaviertrios-kammermusik\/","title":{"rendered":"Trio Filia: Klaviertrios (Kammermusik)"},"content":{"rendered":"<p>Drei junge Menschen. Drei Instrumente.<br \/>\nDas Filia Trio kommt nach Freiburg, um die Luft des Schwarzwalds mit Beethoven, Mendelssohn und \u0160ostakovi\u010d zu ersch\u00fcttern.<br \/>\nGeboren am Mail\u00e4nder Konservatorium, aufgewachsen zwischen Preisen und B\u00fchnen, spielen sie, als ob die Welt noch etwas zu sagen h\u00e4tte. <\/p>\n<p>30. Juni | 19:30<br \/>\nKulturscheune, Ebnet (Freiburg)<br \/>\nEintritt frei<\/p>\n","protected":false},"excerpt":{"rendered":"<p>Drei junge Menschen. Drei Instrumente. Das Filia Trio kommt nach Freiburg, um die Luft des Schwarzwalds mit Beethoven, Mendelssohn und \u0160ostakovi\u010d zu ersch\u00fcttern. Geboren am Mail\u00e4nder Konservatorium, aufgewachsen zwischen Preisen und B\u00fchnen, spielen sie, als ob die Welt noch etwas zu sagen h\u00e4tte. 30. Juni | 19:30 Kulturscheune, Ebnet (Freiburg) Eintritt frei<\/p>\n","protected":false},"author":12,"featured_media":9796,"template":"","meta":{"_acf_changed":false,"ngg_post_thumbnail":0},"product_cat":[74,140],"mep_cat":[146,142],"mep_org":[163],"mep_tag":[],"class_list":["post-9813","mep_events","type-mep_events","status-publish","has-post-thumbnail","hentry","product_cat-kulturveranstaltung","product_cat-konzert","mep_cat-konzert","mep_cat-kulturveranstaltung","mep_org-vivace-freiburg"],"acf":[],"event_informations":{"_list_column":[""],"event_list":["a:0:{}"],"related_section_label":[""],"mep_related_event_status":["off"],"mep_event_show_attendee_list":["off"],"mep_event_attendee_edit_frontend":["off"],"mep_disable_term_condition":["no"],"_tax_status":["none"],"link_wc_product":["9814"],"check_if_run_once":["1"],"_sku":[""],"_sold_individually":["no"],"_tax_class":[""],"_virtual":["yes"],"_price":["0"],"_wpml_media_duplicate":["1"],"_wpml_media_featured":["1"],"_top_nav_excluded":[""],"_cms_nav_minihome":[""],"_wp_page_template":["default"],"mep_event_date_format":["benutzerdefinierte"],"mep_event_time_format":["H:i"],"mep_event_custom_date_format":["j F Y"],"mep_custom_event_time_format":["g:i a"],"mep_time_zone_display":["keine"],"mep_show_end_datetime":["ja"],"mep_rich_text_status":["enable"],"mep_available_seat":["aus"],"mep_reg_status":["auf"],"mep_show_advance_col_status":["aus"],"mep_enable_custom_dt_format":["aus"],"mep_rt_event_status":["EventRescheduled"],"mep_rt_event_attandence_mode":["OfflineEventAttendanceMode"],"mep_event_template":["standard-theme.php"],"event_start_date":["2025-06-30"],"event_start_time":["19:30"],"event_end_date":["2025-06-30"],"event_end_time":["21:00"],"event_start_datetime":["2025-06-30 19:30:00"],"event_end_datetime":["2025-06-30 21:00:00"],"event_expire_datetime":["2025-06-30 21:00:00"],"mep_location_venue":["kultur sommer festival"],"mep_city":["ebnet"],"mep_state":["Deutschland"],"mep_country":["Deutschland"],"mep_member_only_user_role":["a:1:{i:0;s:4:\"alle\";}"],"mep_member_only_event":["f\u00fcr_alle"],"mep_event_type":["offline"],"jupiterx_header":["1"],"jupiterx_header_overlap":["global"],"jupiterx_header_type":["global"],"jupiterx_header_behavior":["global"],"jupiterx_layout":["global"],"jupiterx_content_full_width":["0"],"jupiterx_sidebar_primary":["global"],"jupiterx_sidebar_secondary":["global"],"jupiterx_post_featured_image":["global"],"jupiterx_post_comments":["global"],"jupiterx_main_background_color":[""],"jupiterx_main_background_image":[""],"jupiterx_main_background_position":[""],"jupiterx_main_background_repeat":[""],"jupiterx_main_background_attachment":[""],"jupiterx_main_background_size":[""],"jupiterx_main_background":[""],"jupiterx_main_spacing_padding_top":[""],"jupiterx_main_spacing_padding_right":[""],"jupiterx_main_spacing_padding_bottom":[""],"jupiterx_main_spacing_padding_left":[""],"jupiterx_main_spacing_margin_top":[""],"jupiterx_main_spacing_margin_right":[""],"jupiterx_main_spacing_margin_bottom":[""],"jupiterx_main_spacing_margin_left":[""],"jupiterx_main_spacing":[""],"jupiterx_title_bar_title":["global"],"jupiterx_title_bar_breadcrumb":["global"],"jupiterx_footer_type":["global"],"jupiterx_footer_widget_area":["global"],"jupiterx_footer_sub":["global"],"jupiterx_footer_behavior":["global"],"jupiterx_post_meta":["global"],"jupiterx_post_tags":["global"],"jupiterx_post_social_share":["global"],"jupiterx_post_author_box":["global"],"jupiterx_post_related_posts":["global"],"_thumbnail_id":["9796"],"_wpml_word_count":["69"],"_eael_post_view_count":["244"],"event_upcoming_datetime":["2025-06-30 21:00:00"],"mep_total_seat_left":["0"],"9813_202506301930":["0"],"_elementor_page_assets":["a:0:{}"],"event_feature_image":"https:\/\/vivace-freiburg.org\/wp-content\/uploads\/Trio-Filia-Ebneter-Kultusommer-30.-Juni-2025-_PDF.jpg"},"_links":{"self":[{"href":"https:\/\/vivace-freiburg.org\/de\/wp-json\/wp\/v2\/mep_events\/9813","targetHints":{"allow":["GET"]}}],"collection":[{"href":"https:\/\/vivace-freiburg.org\/de\/wp-json\/wp\/v2\/mep_events"}],"about":[{"href":"https:\/\/vivace-freiburg.org\/de\/wp-json\/wp\/v2\/types\/mep_events"}],"author":[{"embeddable":true,"href":"https:\/\/vivace-freiburg.org\/de\/wp-json\/wp\/v2\/users\/12"}],"version-history":[{"count":0,"href":"https:\/\/vivace-freiburg.org\/de\/wp-json\/wp\/v2\/mep_events\/9813\/revisions"}],"wp:featuredmedia":[{"embeddable":true,"href":"https:\/\/vivace-freiburg.org\/de\/wp-json\/wp\/v2\/media\/9796"}],"wp:attachment":[{"href":"https:\/\/vivace-freiburg.org\/de\/wp-json\/wp\/v2\/media?parent=9813"}],"wp:term":[{"taxonomy":"product_cat","embeddable":true,"href":"https:\/\/vivace-freiburg.org\/de\/wp-json\/wp\/v2\/product_cat?post=9813"},{"taxonomy":"mep_cat","embeddable":true,"href":"https:\/\/vivace-freiburg.org\/de\/wp-json\/wp\/v2\/mep_cat?post=9813"},{"taxonomy":"mep_org","embeddable":true,"href":"https:\/\/vivace-freiburg.org\/de\/wp-json\/wp\/v2\/mep_org?post=9813"},{"taxonomy":"mep_tag","embeddable":true,"href":"https:\/\/vivace-freiburg.org\/de\/wp-json\/wp\/v2\/mep_tag?post=9813"}],"curies":[{"name":"wp","href":"https:\/\/api.w.org\/{rel}","templated":true}]}}