{"id":7835,"date":"2025-03-30T22:34:22","date_gmt":"2025-03-30T20:34:22","guid":{"rendered":"https:\/\/vivace-freiburg.org\/s-schule-v\/"},"modified":"2025-03-31T20:18:59","modified_gmt":"2025-03-31T18:18:59","slug":"s-schule-v","status":"publish","type":"page","link":"https:\/\/vivace-freiburg.org\/de\/s-schule-v\/","title":{"rendered":"S-Schule"},"content":{"rendered":"\t\t<div data-elementor-type=\"wp-page\" data-elementor-id=\"7835\" class=\"elementor elementor-7835 elementor-7824\" data-elementor-settings=\"{&quot;ha_cmc_init_switcher&quot;:&quot;no&quot;}\" data-elementor-post-type=\"page\">\n\t\t\t\t<div class=\"elementor-element elementor-element-8dc8fb5 e-con-full e-flex e-con e-parent\" data-id=\"8dc8fb5\" data-element_type=\"container\" data-e-type=\"container\" data-settings=\"{&quot;jet_parallax_layout_list&quot;:[],&quot;background_background&quot;:&quot;classic&quot;,&quot;_ha_eqh_enable&quot;:false}\">\n\t\t\t\t<div class=\"elementor-element elementor-element-6bb609f elementor-widget__width-inherit ha-has-bg-overlay elementor-widget elementor-widget-heading\" data-id=\"6bb609f\" data-element_type=\"widget\" data-e-type=\"widget\" data-widget_type=\"heading.default\">\n\t\t\t\t\t<h2 class=\"elementor-heading-title elementor-size-default\">Vivace Schule<\/h2>\t\t\t\t<\/div>\n\t\t\t\t<\/div>\n\t\t<div class=\"elementor-element elementor-element-4fcda77 e-con-full e-flex e-con e-parent\" data-id=\"4fcda77\" data-element_type=\"container\" data-e-type=\"container\" data-settings=\"{&quot;jet_parallax_layout_list&quot;:[],&quot;background_background&quot;:&quot;classic&quot;,&quot;_ha_eqh_enable&quot;:false}\">\n\t\t<div class=\"elementor-element elementor-element-d815b25 e-con-full e-flex e-con e-child\" data-id=\"d815b25\" data-element_type=\"container\" data-e-type=\"container\" data-settings=\"{&quot;background_background&quot;:&quot;classic&quot;,&quot;jet_parallax_layout_list&quot;:[],&quot;_ha_eqh_enable&quot;:false}\">\n\t\t\t\t<div class=\"elementor-element elementor-element-0ea8737 ha-infobox-media-dir-top elementor-widget elementor-widget-ha-infobox happy-addon ha-infobox\" data-id=\"0ea8737\" data-element_type=\"widget\" data-e-type=\"widget\" data-widget_type=\"ha-infobox.default\">\n\t\t\t\t\t\n\t\t\t\t\t<figure class=\"ha-infobox-figure ha-infobox-figure--image\">\n\t\t\t\t<img fetchpriority=\"high\" decoding=\"async\" width=\"675\" height=\"530\" src=\"https:\/\/vivace-freiburg.org\/wp-content\/uploads\/2025\/03\/Schuler.jpg\" class=\"elementor-animation-disable-animation attachment-medium_large size-medium_large wp-image-7826\" alt=\"\" srcset=\"https:\/\/vivace-freiburg.org\/wp-content\/uploads\/2025\/03\/Schuler.jpg 675w, https:\/\/vivace-freiburg.org\/wp-content\/uploads\/2025\/03\/Schuler-300x236.jpg 300w, https:\/\/vivace-freiburg.org\/wp-content\/uploads\/2025\/03\/Schuler-600x471.jpg 600w\" sizes=\"(max-width: 675px) 100vw, 675px\" \/>\t\t\t<\/figure>\n\t\t\n\t\t<div class=\"ha-infobox-body\">\n\t\t\t<h2 class=\"ha-infobox-title\">Kurse f\u00fcr italienische Sprache und Kultur  <\/h2>\n\t\t\t\t\t\t\t<div class=\"ha-infobox-text\">\n\t\t\t\t\t<p>\"In der Sprache stellt die Kunst ihr erstes bildhaftes Werk dar\".\nJoseph G\u00f6rres (1776-1848)<br><br>Dank der Unterst\u00fctzung durch das italienische Ministerium f\u00fcr ausw\u00e4rtige Angelegenheiten und internationale Zusammenarbeit ist es m\u00f6glich, an der Vivace-Freiburg Deutsch und Italienisch zu lernen. Italienische Sprach- und Kulturkurse werden f\u00fcr alle Sch\u00fcler angeboten, die eine Schule in Baden-W\u00fcrttemberg besuchen. Sch\u00fcler italienischer Herkunft haben auch die M\u00f6glichkeit, Deutschkurse zu besuchen und bei Bedarf Hausaufgabenhilfe zu erhalten.    <br><br>Unsere hochqualifizierten Lehrkr\u00e4fte setzen die neuesten Lehrmethoden und technischen Hilfsmittel ein. Dazu geh\u00f6ren Webinare, Workshops und andere Veranstaltungen, die angeboten werden, um das Lernen unserer Studenten zu optimieren.   <br><br>Vivace-Freiburg e.V. bietet Studenten die M\u00f6glichkeit, das in Deutschland anerkannte 'Certificate of Italian Language Proficiency' und das international anerkannte CILS-Zertifikat f\u00fcr Sprachkenntnisse der Universit\u00e4t f\u00fcr Ausl\u00e4nder in Siena zu erwerben.  <br><br>Worauf warten Sie noch? Nutzen Sie die interaktive Karte, um den f\u00fcr Sie am besten geeigneten Kursort zu finden und kontaktieren Sie uns! Wenn Sie keinen passenden Kurs f\u00fcr sich oder Ihre Kinder finden, kontaktieren Sie uns trotzdem: Gemeinsam werden wir versuchen, eine passende L\u00f6sung zu finden!    <\/p>\n\t\t\t\t<\/div>\n\t\t\t\n\t\t\t\t\t<\/div>\n\t\t\t\t\t\t<\/div>\n\t\t\t\t<\/div>\n\t\t<div class=\"elementor-element elementor-element-2a4b3b3 e-con-full e-flex e-con e-child\" data-id=\"2a4b3b3\" data-element_type=\"container\" data-e-type=\"container\" data-settings=\"{&quot;jet_parallax_layout_list&quot;:[],&quot;background_background&quot;:&quot;classic&quot;,&quot;_ha_eqh_enable&quot;:false}\">\n\t\t\t\t<div class=\"elementor-element elementor-element-86f7beb ha-has-bg-overlay elementor-widget elementor-widget-text-editor\" data-id=\"86f7beb\" data-element_type=\"widget\" data-e-type=\"widget\" data-widget_type=\"text-editor.default\">\n\t\t\t\t\t\t\t\t\t<p>Aktuell<\/p>\t\t\t\t\t\t\t\t<\/div>\n\t\t\t\t<div class=\"elementor-element elementor-element-580c91e elementor-widget elementor-widget-mep-event-list-widget\" data-id=\"580c91e\" data-element_type=\"widget\" data-e-type=\"widget\" data-widget_type=\"mep-event-list-widget.default\">\n\t\t\t\t<div class=\"elementor-widget-container\">\n\t\t\t\t\t<div class=\"mep-elementor-event-list-widget\">\r\n\t\t                <div class='mage list_with_filter_section mep_event_list' id='mage-container'>\n\t\t\t\t\t                            <div class=\"all_filter_item mep_event_list_sec\" id='mep_event_list_abr69f5bcea04c47'\n                                 data-unq-id=\"abr69f5bcea04c47\"\n                                 data-style=\"grid\"\n                                 data-column=\"3\"\n                                 data-cat=\"173\"\n                                 data-org=\"\"\n                                 data-tag=\"0\"\n                                 data-city=\"\"\n                                 data-country=\"\"\n                                 data-status=\"upcoming\"\n                                 data-year=\"\"\n                                 data-sort=\"ASC\"\n                                 data-show=\"-1\"\n                                 data-pagination=\"yes\"\n                                 data-pagination-style=\"load_more\"\n                            >\n                                <div class=\"mage_grid_box \" id=\"\">\n\t\t\t\t\t\t\t\t\t\t\t\t\t\t\t\t\t\t\t\t\t    <div class='filter_item mep-event-list-loop mix column_style event-no-availabe-seat  mep_event_grid_item  abr69f5bcea04c47mage-200 abr69f5bcea04c47mage-163 abr69f5bcea04c47mage-158 '\r\n         data-title=\"Kurse f\u00fcr italienische Sprache und Kultur\"\r\n         data-city-name=\"\"\r\n         data-state=\"\"\r\n         data-date=\"2026-07-31\"\r\n         data-category=\"Schule\"\r\n         data-organizer=\"Katy, Vivace Freiburg\"\r\n         style=\"width:calc(33.333333333333% - 14px);\">\r\n\t\t\t\t                    <div class=\"mep-ev-start-date\">\r\n                        <div class=\"mep-day\">31<\/div>\r\n                        <div class=\"mep-month\">Juli<\/div>\r\n                    <\/div>\r\n\t\t\t\t\t\t\r\n\t\t                <div class=\"mep_list_thumb mpwem_style\">\r\n                    <div data-href=\"https:\/\/vivace-freiburg.org\/de\/events\/kurse-fuer-italienische-sprache-und-kultur\/\" data-bg-image=\"https:\/\/vivace-freiburg.org\/wp-content\/uploads\/2.jpg\"><\/div>\r\n\t\t\t\t\t                <div class=\"mepev-ribbons\">\r\n\t\t\t\t\t                <\/div>\r\n\t\t\t\t\t\t\t\t<\/div>\r\n\t\t\t\t        <div class=\"mep_list_event_details\">\r\n            <a href=\"https:\/\/vivace-freiburg.org\/de\/events\/kurse-fuer-italienische-sprache-und-kultur\/\">\r\n                <h5 class='mep_list_title'>Kurse f\u00fcr italienische Sprache und Kultur<\/h5>\r\n\t\t\t\t                    <div class=\"list_content upcomming_date_only_only\">\r\n                        <span class=\"far fa-calendar-alt\"><\/span>12. September 2025                    <\/div>\r\n\t\t\t\t            <\/a>\r\n\t\t\t        <\/div>\r\n\t\t    <\/div>\r\n    <div class='filter_item mep-event-list-loop mix column_style event-no-availabe-seat  mep_event_grid_item  abr69f5bcea04c47mage-163 abr69f5bcea04c47mage-157 abr69f5bcea04c47mage-142 abr69f5bcea04c47mage-158 '\r\n         data-title=\"Kennen Sie die &#8220;Vivace-Freiburg&#8221;?\"\r\n         data-city-name=\"Freiburg im Breisgau\"\r\n         data-state=\"de\"\r\n         data-date=\"2026-07-31\"\r\n         data-category=\"Kinder, Kulturveranstaltung, Schule\"\r\n         data-organizer=\"Vivace Freiburg\"\r\n         style=\"width:calc(33.333333333333% - 14px);\">\r\n\t\t\t\t                    <div class=\"mep-ev-start-date\">\r\n                        <div class=\"mep-day\">31<\/div>\r\n                        <div class=\"mep-month\">Juli<\/div>\r\n                    <\/div>\r\n\t\t\t\t\t\t\r\n\t\t                <div class=\"mep_list_thumb mpwem_style\">\r\n                    <div data-href=\"https:\/\/vivace-freiburg.org\/de\/events\/kennen-sie-die-lebendige\/\" data-bg-image=\"https:\/\/vivace-freiburg.org\/wp-content\/uploads\/vivace-generico-2.jpg\"><\/div>\r\n\t\t\t\t\t                <div class=\"mepev-ribbons\">\r\n\t\t\t\t\t                <\/div>\r\n\t\t\t\t\t\t\t\t<\/div>\r\n\t\t\t\t        <div class=\"mep_list_event_details\">\r\n            <a href=\"https:\/\/vivace-freiburg.org\/de\/events\/kennen-sie-die-lebendige\/\">\r\n                <h5 class='mep_list_title'>Kennen Sie die &#8220;Vivace-Freiburg&#8221;?<\/h5>\r\n\t\t\t\t                    <div class=\"list_content upcomming_location\">\r\n                        <span class=\"fas fa-map-marker-alt\"><\/span>\r\n\t\t\t\t\t\tLocation :  Vivacefreiburg                    <\/div>\r\n\t\t\t\t            <\/a>\r\n\t\t\t        <\/div>\r\n\t\t    <\/div>\r\n    <div class='filter_item mep-event-list-loop mix column_style event-availabe-seat  mep_event_grid_item  abr69f5bcea04c47mage-163 abr69f5bcea04c47mage-248 abr69f5bcea04c47mage-158 '\r\n         data-title=\"BH Italienisch Sprach- und Kulturkurse 2025\/2026 Breisach-Hochschwarzwald\"\r\n         data-city-name=\"Kreis BreisgauHochschwarzwald\"\r\n         data-state=\"S\u00fcdbaden\"\r\n         data-date=\"2026-07-31\"\r\n         data-category=\"Breisgau\/Hochschwarzwald, Schule\"\r\n         data-organizer=\"Vivace Freiburg\"\r\n         style=\"width:calc(33.333333333333% - 14px);\">\r\n\t\t\t\t                    <div class=\"mep-ev-start-date\">\r\n                        <div class=\"mep-day\">31<\/div>\r\n                        <div class=\"mep-month\">Juli<\/div>\r\n                    <\/div>\r\n\t\t\t\t\t\t\r\n\t\t                <div class=\"mep_list_thumb mpwem_style\">\r\n                    <div data-href=\"https:\/\/vivace-freiburg.org\/de\/events\/bh-italienisch-sprach-und-kulturkurse-2025-2026-breisach-hochschwarzwald\/\" data-bg-image=\"https:\/\/vivace-freiburg.org\/wp-content\/uploads\/Breisgau-Staufen-2320806_1920.jpg\"><\/div>\r\n\t\t\t\t\t                <div class=\"mepev-ribbons\">\r\n\t\t\t\t\t                <\/div>\r\n\t\t\t\t\t\t\t\t<\/div>\r\n\t\t\t\t        <div class=\"mep_list_event_details\">\r\n            <a href=\"https:\/\/vivace-freiburg.org\/de\/events\/bh-italienisch-sprach-und-kulturkurse-2025-2026-breisach-hochschwarzwald\/\">\r\n                <h5 class='mep_list_title'>BH Italienisch Sprach- und Kulturkurse 2025\/2026 Breisach-Hochschwarzwald<\/h5>\r\n\t\t\t\t                    <div class=\"list_content upcomming_location\">\r\n                        <span class=\"fas fa-map-marker-alt\"><\/span>\r\n\t\t\t\t\t\tLocation :  verschiedene                    <\/div>\r\n\t\t\t\t                    <div class=\"list_content upcomming_date_only_only\">\r\n                        <span class=\"far fa-calendar-alt\"><\/span>15. September 2025                    <\/div>\r\n\t\t\t\t            <\/a>\r\n\t\t\t        <\/div>\r\n\t\t    <\/div>\r\n    <div class='filter_item mep-event-list-loop mix column_style event-availabe-seat  mep_event_grid_item  abr69f5bcea04c47mage-163 abr69f5bcea04c47mage-252 abr69f5bcea04c47mage-158 '\r\n         data-title=\"EM Italienisch Sprach- und Kulturkurse 2025\/2026 Emmendingen\"\r\n         data-city-name=\"Emmendingen\"\r\n         data-state=\"S\u00fcdbaden\"\r\n         data-date=\"2026-07-31\"\r\n         data-category=\"Emmendingen, Schule\"\r\n         data-organizer=\"Vivace Freiburg\"\r\n         style=\"width:calc(33.333333333333% - 14px);\">\r\n\t\t\t\t                    <div class=\"mep-ev-start-date\">\r\n                        <div class=\"mep-day\">31<\/div>\r\n                        <div class=\"mep-month\">Juli<\/div>\r\n                    <\/div>\r\n\t\t\t\t\t\t\r\n\t\t                <div class=\"mep_list_thumb mpwem_style\">\r\n                    <div data-href=\"https:\/\/vivace-freiburg.org\/de\/events\/em-italienisch-sprach-und-kulturkurse-2025-2026-emmendingen\/\" data-bg-image=\"https:\/\/vivace-freiburg.org\/wp-content\/uploads\/Emmendingen-hochburg-5342948_1920.jpg\"><\/div>\r\n\t\t\t\t\t                <div class=\"mepev-ribbons\">\r\n\t\t\t\t\t                <\/div>\r\n\t\t\t\t\t\t\t\t<\/div>\r\n\t\t\t\t        <div class=\"mep_list_event_details\">\r\n            <a href=\"https:\/\/vivace-freiburg.org\/de\/events\/em-italienisch-sprach-und-kulturkurse-2025-2026-emmendingen\/\">\r\n                <h5 class='mep_list_title'>EM Italienisch Sprach- und Kulturkurse 2025\/2026 Emmendingen<\/h5>\r\n\t\t\t\t                    <div class=\"list_content upcomming_location\">\r\n                        <span class=\"fas fa-map-marker-alt\"><\/span>\r\n\t\t\t\t\t\tLocation :  verschiedene                    <\/div>\r\n\t\t\t\t                    <div class=\"list_content upcomming_date_only_only\">\r\n                        <span class=\"far fa-calendar-alt\"><\/span>15. September 2025                    <\/div>\r\n\t\t\t\t            <\/a>\r\n\t\t\t        <\/div>\r\n\t\t    <\/div>\r\n    <div class='filter_item mep-event-list-loop mix column_style event-availabe-seat  mep_event_grid_item  abr69f5bcea04c47mage-163 abr69f5bcea04c47mage-256 abr69f5bcea04c47mage-158 '\r\n         data-title=\"OK Italienisch Sprach- und Kulturkurse 2025\/2026 Ortenaukreis\"\r\n         data-city-name=\"Ortenaukreis\"\r\n         data-state=\"S\u00fcdbaden\"\r\n         data-date=\"2026-07-31\"\r\n         data-category=\"Ortenaukreis, Schule\"\r\n         data-organizer=\"Vivace Freiburg\"\r\n         style=\"width:calc(33.333333333333% - 14px);\">\r\n\t\t\t\t                    <div class=\"mep-ev-start-date\">\r\n                        <div class=\"mep-day\">31<\/div>\r\n                        <div class=\"mep-month\">Juli<\/div>\r\n                    <\/div>\r\n\t\t\t\t\t\t\r\n\t\t                <div class=\"mep_list_thumb mpwem_style\">\r\n                    <div data-href=\"https:\/\/vivace-freiburg.org\/de\/events\/ok-italienisch-sprach-und-kulturkurse-2025-2026-ortenaukreis\/\" data-bg-image=\"https:\/\/vivace-freiburg.org\/wp-content\/uploads\/Ortenau-Lahr-Rathaus_4527683_1920.jpg\"><\/div>\r\n\t\t\t\t\t                <div class=\"mepev-ribbons\">\r\n\t\t\t\t\t                <\/div>\r\n\t\t\t\t\t\t\t\t<\/div>\r\n\t\t\t\t        <div class=\"mep_list_event_details\">\r\n            <a href=\"https:\/\/vivace-freiburg.org\/de\/events\/ok-italienisch-sprach-und-kulturkurse-2025-2026-ortenaukreis\/\">\r\n                <h5 class='mep_list_title'>OK Italienisch Sprach- und Kulturkurse 2025\/2026 Ortenaukreis<\/h5>\r\n\t\t\t\t                    <div class=\"list_content upcomming_location\">\r\n                        <span class=\"fas fa-map-marker-alt\"><\/span>\r\n\t\t\t\t\t\tLocation :  verschiedene                    <\/div>\r\n\t\t\t\t                    <div class=\"list_content upcomming_date_only_only\">\r\n                        <span class=\"far fa-calendar-alt\"><\/span>15. September 2025                    <\/div>\r\n\t\t\t\t            <\/a>\r\n\t\t\t        <\/div>\r\n\t\t    <\/div>\r\n    <div class='filter_item mep-event-list-loop mix column_style event-availabe-seat  mep_event_grid_item  abr69f5bcea04c47mage-163 abr69f5bcea04c47mage-260 abr69f5bcea04c47mage-158 '\r\n         data-title=\"L\u00d6 Italienisch Sprach- und Kulturkurse 2025\/2026 L\u00f6rrach\"\r\n         data-city-name=\"Kreis L\u00f6rrach\"\r\n         data-state=\"S\u00fcdbaden\"\r\n         data-date=\"2026-07-31\"\r\n         data-category=\"L\u00f6rrach, Schule\"\r\n         data-organizer=\"Vivace Freiburg\"\r\n         style=\"width:calc(33.333333333333% - 14px);\">\r\n\t\t\t\t                    <div class=\"mep-ev-start-date\">\r\n                        <div class=\"mep-day\">31<\/div>\r\n                        <div class=\"mep-month\">Juli<\/div>\r\n                    <\/div>\r\n\t\t\t\t\t\t\r\n\t\t                <div class=\"mep_list_thumb mpwem_style\">\r\n                    <div data-href=\"https:\/\/vivace-freiburg.org\/de\/events\/lo-corsi-di-lingua-e-cultura-italiane-2025-2026-lorrach\/\" data-bg-image=\"https:\/\/vivace-freiburg.org\/wp-content\/uploads\/Lorrach-wall-2490403_1920.jpg\"><\/div>\r\n\t\t\t\t\t                <div class=\"mepev-ribbons\">\r\n\t\t\t\t\t                <\/div>\r\n\t\t\t\t\t\t\t\t<\/div>\r\n\t\t\t\t        <div class=\"mep_list_event_details\">\r\n            <a href=\"https:\/\/vivace-freiburg.org\/de\/events\/lo-corsi-di-lingua-e-cultura-italiane-2025-2026-lorrach\/\">\r\n                <h5 class='mep_list_title'>L\u00d6 Italienisch Sprach- und Kulturkurse 2025\/2026 L\u00f6rrach<\/h5>\r\n\t\t\t\t                    <div class=\"list_content upcomming_location\">\r\n                        <span class=\"fas fa-map-marker-alt\"><\/span>\r\n\t\t\t\t\t\tLocation :  verschiedene                    <\/div>\r\n\t\t\t\t                    <div class=\"list_content upcomming_date_only_only\">\r\n                        <span class=\"far fa-calendar-alt\"><\/span>15. September 2025                    <\/div>\r\n\t\t\t\t            <\/a>\r\n\t\t\t        <\/div>\r\n\t\t    <\/div>\r\n    <div class='filter_item mep-event-list-loop mix column_style event-availabe-seat  mep_event_grid_item  abr69f5bcea04c47mage-163 abr69f5bcea04c47mage-158 abr69f5bcea04c47mage-264 '\r\n         data-title=\"TU Italienisch Sprach- und Kulturkurse 2025\/2026 Tuttlingen\"\r\n         data-city-name=\"Tuttlingen\"\r\n         data-state=\"S\u00fcdbaden\"\r\n         data-date=\"2026-07-31\"\r\n         data-category=\"Schule, Tuttlingen\"\r\n         data-organizer=\"Vivace Freiburg\"\r\n         style=\"width:calc(33.333333333333% - 14px);\">\r\n\t\t\t\t                    <div class=\"mep-ev-start-date\">\r\n                        <div class=\"mep-day\">31<\/div>\r\n                        <div class=\"mep-month\">Juli<\/div>\r\n                    <\/div>\r\n\t\t\t\t\t\t\r\n\t\t                <div class=\"mep_list_thumb mpwem_style\">\r\n                    <div data-href=\"https:\/\/vivace-freiburg.org\/de\/events\/tu-italienisch-sprach-und-kulturkurse-2025-2026-tuttlingen\/\" data-bg-image=\"https:\/\/vivace-freiburg.org\/wp-content\/uploads\/tuttlingen-2363572_1920.jpg\"><\/div>\r\n\t\t\t\t\t                <div class=\"mepev-ribbons\">\r\n\t\t\t\t\t                <\/div>\r\n\t\t\t\t\t\t\t\t<\/div>\r\n\t\t\t\t        <div class=\"mep_list_event_details\">\r\n            <a href=\"https:\/\/vivace-freiburg.org\/de\/events\/tu-italienisch-sprach-und-kulturkurse-2025-2026-tuttlingen\/\">\r\n                <h5 class='mep_list_title'>TU Italienisch Sprach- und Kulturkurse 2025\/2026 Tuttlingen<\/h5>\r\n\t\t\t\t                    <div class=\"list_content upcomming_location\">\r\n                        <span class=\"fas fa-map-marker-alt\"><\/span>\r\n\t\t\t\t\t\tLocation :  Karlschule                    <\/div>\r\n\t\t\t\t                    <div class=\"list_content upcomming_date_only_only\">\r\n                        <span class=\"far fa-calendar-alt\"><\/span>15. September 2025                    <\/div>\r\n\t\t\t\t            <\/a>\r\n\t\t\t        <\/div>\r\n\t\t    <\/div>\r\n    <div class='filter_item mep-event-list-loop mix column_style event-no-availabe-seat  mep_event_grid_item  abr69f5bcea04c47mage-163 abr69f5bcea04c47mage-268 abr69f5bcea04c47mage-158 '\r\n         data-title=\"RO Kurse f\u00fcr italienische Sprache und Kultur 2025\/2026 Rottweil (gestrichen)\"\r\n         data-city-name=\"Rottweil\"\r\n         data-state=\"S\u00fcdbaden\"\r\n         data-date=\"2026-07-31\"\r\n         data-category=\"Rottweil, Schule\"\r\n         data-organizer=\"Vivace Freiburg\"\r\n         style=\"width:calc(33.333333333333% - 14px);\">\r\n\t\t\t\t                    <div class=\"mep-ev-start-date\">\r\n                        <div class=\"mep-day\">31<\/div>\r\n                        <div class=\"mep-month\">Juli<\/div>\r\n                    <\/div>\r\n\t\t\t\t\t\t\r\n\t\t                <div class=\"mep_list_thumb mpwem_style\">\r\n                    <div data-href=\"https:\/\/vivace-freiburg.org\/de\/events\/ro-kurse-fuer-italienische-sprache-und-kultur-2025-2026-rottweil-gestrichen\/\" data-bg-image=\"https:\/\/vivace-freiburg.org\/wp-content\/uploads\/rottweil-870137_1280.jpg\"><\/div>\r\n\t\t\t\t\t                <div class=\"mepev-ribbons\">\r\n\t\t\t\t\t                <\/div>\r\n\t\t\t\t\t\t\t\t<\/div>\r\n\t\t\t\t        <div class=\"mep_list_event_details\">\r\n            <a href=\"https:\/\/vivace-freiburg.org\/de\/events\/ro-kurse-fuer-italienische-sprache-und-kultur-2025-2026-rottweil-gestrichen\/\">\r\n                <h5 class='mep_list_title'>RO Kurse f\u00fcr italienische Sprache und Kultur 2025\/2026 Rottweil (gestrichen)<\/h5>\r\n\t\t\t\t                    <div class=\"list_content upcomming_location\">\r\n                        <span class=\"fas fa-map-marker-alt\"><\/span>\r\n\t\t\t\t\t\tLocation :  Nirgendwo                    <\/div>\r\n\t\t\t\t                    <div class=\"list_content upcomming_date_only_only\">\r\n                        <span class=\"far fa-calendar-alt\"><\/span>15. September 2025                    <\/div>\r\n\t\t\t\t            <\/a>\r\n\t\t\t        <\/div>\r\n\t\t    <\/div>\r\n    <div class='filter_item mep-event-list-loop mix column_style event-availabe-seat  mep_event_grid_item  abr69f5bcea04c47mage-163 abr69f5bcea04c47mage-158 abr69f5bcea04c47mage-273 '\r\n         data-title=\"WT Italienisch Sprach- und Kulturkurse 2025\/2026 Waldshut\"\r\n         data-city-name=\"Kreis Waldshut-Tiengen\"\r\n         data-state=\"S\u00fcdbaden\"\r\n         data-date=\"2026-07-26\"\r\n         data-category=\"Schule, Waldshut\"\r\n         data-organizer=\"Vivace Freiburg\"\r\n         style=\"width:calc(33.333333333333% - 14px);\">\r\n\t\t\t\t                    <div class=\"mep-ev-start-date\">\r\n                        <div class=\"mep-day\">26<\/div>\r\n                        <div class=\"mep-month\">Juli<\/div>\r\n                    <\/div>\r\n\t\t\t\t\t\t\r\n\t\t                <div class=\"mep_list_thumb mpwem_style\">\r\n                    <div data-href=\"https:\/\/vivace-freiburg.org\/de\/events\/wt-corsi-di-lingua-e-cultura-italiane-2025-2026-waldshut\/\" data-bg-image=\"https:\/\/vivace-freiburg.org\/wp-content\/uploads\/Waldshut-Tiengen_Kaiserstrase_Schaffhauser_Tor.jpg\"><\/div>\r\n\t\t\t\t\t                <div class=\"mepev-ribbons\">\r\n\t\t\t\t\t                <\/div>\r\n\t\t\t\t\t\t\t\t<\/div>\r\n\t\t\t\t        <div class=\"mep_list_event_details\">\r\n            <a href=\"https:\/\/vivace-freiburg.org\/de\/events\/wt-corsi-di-lingua-e-cultura-italiane-2025-2026-waldshut\/\">\r\n                <h5 class='mep_list_title'>WT Italienisch Sprach- und Kulturkurse 2025\/2026 Waldshut<\/h5>\r\n\t\t\t\t                    <div class=\"list_content upcomming_location\">\r\n                        <span class=\"fas fa-map-marker-alt\"><\/span>\r\n\t\t\t\t\t\tLocation :  verschiedene                    <\/div>\r\n\t\t\t\t                    <div class=\"list_content upcomming_date_only_only\">\r\n                        <span class=\"far fa-calendar-alt\"><\/span>15. September 2025                    <\/div>\r\n\t\t\t\t            <\/a>\r\n\t\t\t        <\/div>\r\n\t\t    <\/div>\r\n    <div class='filter_item mep-event-list-loop mix column_style event-availabe-seat  mep_event_grid_item  abr69f5bcea04c47mage-163 abr69f5bcea04c47mage-241 abr69f5bcea04c47mage-158 '\r\n         data-title=\"FR Kurse italienische Sprache und Kultur 2025\/2026 Freiburg\"\r\n         data-city-name=\"Freiburg im Breisgau\"\r\n         data-state=\"S\u00fcdbaden\"\r\n         data-date=\"2026-07-31\"\r\n         data-category=\"Freiburg, Schule\"\r\n         data-organizer=\"Vivace Freiburg\"\r\n         style=\"width:calc(33.333333333333% - 14px);\">\r\n\t\t\t\t                    <div class=\"mep-ev-start-date\">\r\n                        <div class=\"mep-day\">31<\/div>\r\n                        <div class=\"mep-month\">Juli<\/div>\r\n                    <\/div>\r\n\t\t\t\t\t\t\r\n\t\t                <div class=\"mep_list_thumb mpwem_style\">\r\n                    <div data-href=\"https:\/\/vivace-freiburg.org\/de\/events\/fr-kurse-italienische-sprache-und-kultur-2025-2026-freiburg\/\" data-bg-image=\"https:\/\/vivace-freiburg.org\/wp-content\/uploads\/Contact-Page1.jpg\"><\/div>\r\n\t\t\t\t\t                <div class=\"mepev-ribbons\">\r\n\t\t\t\t\t                <\/div>\r\n\t\t\t\t\t\t\t\t<\/div>\r\n\t\t\t\t        <div class=\"mep_list_event_details\">\r\n            <a href=\"https:\/\/vivace-freiburg.org\/de\/events\/fr-kurse-italienische-sprache-und-kultur-2025-2026-freiburg\/\">\r\n                <h5 class='mep_list_title'>FR Kurse italienische Sprache und Kultur 2025\/2026 Freiburg<\/h5>\r\n\t\t\t\t                    <div class=\"list_content upcomming_location\">\r\n                        <span class=\"fas fa-map-marker-alt\"><\/span>\r\n\t\t\t\t\t\tLocation :  verschiedene                    <\/div>\r\n\t\t\t\t                    <div class=\"list_content upcomming_date_only_only\">\r\n                        <span class=\"far fa-calendar-alt\"><\/span>15. September 2025                    <\/div>\r\n\t\t\t\t            <\/a>\r\n\t\t\t        <\/div>\r\n\t\t    <\/div>\r\n    <div class='filter_item mep-event-list-loop mix column_style event-availabe-seat  mep_event_grid_item  abr69f5bcea04c47mage-163 abr69f5bcea04c47mage-158 abr69f5bcea04c47mage-245 '\r\n         data-title=\"SB Italienisch Sprach- und Kulturkurse 2025\/2026 Schwarzwald-Baar\"\r\n         data-city-name=\"SchwarzwaldBaarKreis\"\r\n         data-state=\"S\u00fcdbaden\"\r\n         data-date=\"2026-07-31\"\r\n         data-category=\"Schule, Schwarzwald\/Baar\"\r\n         data-organizer=\"Vivace Freiburg\"\r\n         style=\"width:calc(33.333333333333% - 14px);\">\r\n\t\t\t\t                    <div class=\"mep-ev-start-date\">\r\n                        <div class=\"mep-day\">31<\/div>\r\n                        <div class=\"mep-month\">Juli<\/div>\r\n                    <\/div>\r\n\t\t\t\t\t\t\r\n\t\t                <div class=\"mep_list_thumb mpwem_style\">\r\n                    <div data-href=\"https:\/\/vivace-freiburg.org\/de\/events\/sb-kurse-fuer-italienische-sprache-und-kultur-2025-2026-schwarzwald-baar\/\" data-bg-image=\"https:\/\/vivace-freiburg.org\/wp-content\/uploads\/Donaueschingen-Donauquelle_2659810_1280.jpg\"><\/div>\r\n\t\t\t\t\t                <div class=\"mepev-ribbons\">\r\n\t\t\t\t\t                <\/div>\r\n\t\t\t\t\t\t\t\t<\/div>\r\n\t\t\t\t        <div class=\"mep_list_event_details\">\r\n            <a href=\"https:\/\/vivace-freiburg.org\/de\/events\/sb-kurse-fuer-italienische-sprache-und-kultur-2025-2026-schwarzwald-baar\/\">\r\n                <h5 class='mep_list_title'>SB Italienisch Sprach- und Kulturkurse 2025\/2026 Schwarzwald-Baar<\/h5>\r\n\t\t\t\t                    <div class=\"list_content upcomming_location\">\r\n                        <span class=\"fas fa-map-marker-alt\"><\/span>\r\n\t\t\t\t\t\tLocation :  verschiedene                    <\/div>\r\n\t\t\t\t                    <div class=\"list_content upcomming_date_only_only\">\r\n                        <span class=\"far fa-calendar-alt\"><\/span>15. September 2025                    <\/div>\r\n\t\t\t\t            <\/a>\r\n\t\t\t        <\/div>\r\n\t\t    <\/div>\r\n    <div class='filter_item mep-event-list-loop mix column_style event-no-availabe-seat  mep_event_grid_item  abr69f5bcea04c47mage-163 abr69f5bcea04c47mage-158 abr69f5bcea04c47mage-245 '\r\n         data-title=\"Loredana Gangi\"\r\n         data-city-name=\"\"\r\n         data-state=\"\"\r\n         data-date=\"2026-07-31\"\r\n         data-category=\"Schule, Schwarzwald\/Baar\"\r\n         data-organizer=\"Vivace Freiburg\"\r\n         style=\"width:calc(33.333333333333% - 14px);\">\r\n\t\t\t\t                    <div class=\"mep-ev-start-date\">\r\n                        <div class=\"mep-day\">31<\/div>\r\n                        <div class=\"mep-month\">Juli<\/div>\r\n                    <\/div>\r\n\t\t\t\t\t\t\r\n\t\t                <div class=\"mep_list_thumb mpwem_style\">\r\n                    <div data-href=\"https:\/\/vivace-freiburg.org\/de\/events\/loredana-gangi\/\" data-bg-image=\"\"><\/div>\r\n\t\t\t\t\t                <div class=\"mepev-ribbons\">\r\n\t\t\t\t\t                <\/div>\r\n\t\t\t\t\t\t\t\t<\/div>\r\n\t\t\t\t        <div class=\"mep_list_event_details\">\r\n            <a href=\"https:\/\/vivace-freiburg.org\/de\/events\/loredana-gangi\/\">\r\n                <h5 class='mep_list_title'>Loredana Gangi<\/h5>\r\n\t\t\t\t                    <div class=\"list_content upcomming_date_only_only\">\r\n                        <span class=\"far fa-calendar-alt\"><\/span>15. September 2025  14:00                    <\/div>\r\n\t\t\t\t            <\/a>\r\n\t\t\t        <\/div>\r\n\t\t    <\/div>\r\n\t\t\t\t\t\t\t\t\t\t\t\t                                <\/div>\n                            <\/div>\n\t\t\t\t\t\t\t                <input type=\"hidden\" name=\"pagination_per_page\" value=\"12\"\/>\n                <input type=\"hidden\" name=\"pagination_style\" value=\"load_more\"\/>\n\t\t\t\t                <\/div>\n                <script>\n                    jQuery(document).ready(function () {\n                        var containerEl = document.querySelector('#mep_event_list_abr69f5bcea04c47');\n                        var mixer = mixitup(containerEl, {\n                            selectors: {\n                                target: '.mep-event-list-loop',\n                                control: '[data-mixitup-control]'\n                            }\n                        });\n                        \/\/ Handle title filter input\n                        jQuery('input[name=\"filter_with_title\"]').on('keyup', function () {\n                            var searchText = jQuery(this).val().toLowerCase();\n                            var items = jQuery('.mep-event-list-loop');\n                            items.each(function () {\n                                var itemTitle = jQuery(this).data('title').toLowerCase();\n                                if (itemTitle.indexOf(searchText) > -1) {\n                                    jQuery(this).show();\n                                } else {\n                                    jQuery(this).hide();\n                                }\n                            });\n                        });\n                        \/\/ Handle date filter change\n                        jQuery('input[name=\"filter_with_date\"]').on('change', function () {\n                            var selectedDate = jQuery(this).val();\n                            var items = jQuery('.mep-event-list-loop');\n                            if (!selectedDate) {\n                                items.show();\n                            } else {\n                                var filterDate = new Date(selectedDate);\n                                filterDate.setHours(0, 0, 0, 0); \/\/ Reset time part for date comparison\n                                items.each(function () {\n                                    var itemDate = new Date(jQuery(this).data('date'));\n                                    itemDate.setHours(0, 0, 0, 0); \/\/ Reset time part for date comparison\n                                    if (itemDate.getTime() === filterDate.getTime()) {\n                                        jQuery(this).show();\n                                    } else {\n                                        jQuery(this).hide();\n                                    }\n                                });\n                            }\n                        });\n                        \/\/ Handle state filter change\n                        jQuery('select[name=\"filter_with_state\"]').on('change', function () {\n                            var state = jQuery(this).val();\n                            var items = jQuery('.mep-event-list-loop');\n                            if (state === '') {\n                                items.show();\n                            } else {\n                                items.each(function () {\n                                    var itemState = jQuery(this).data('state');\n                                    if (itemState === state) {\n                                        jQuery(this).show();\n                                    } else {\n                                        jQuery(this).hide();\n                                    }\n                                });\n                            }\n                        });\n                        \/\/ Handle city filter change\n                        jQuery('select[name=\"filter_with_city\"]').on('change', function () {\n                            applyAllFilters();\n                        });\n                        \/\/ Handle category filter change\n                        jQuery('select[name=\"filter_with_category\"]').on('change', function () {\n                            applyAllFilters();\n                        });\n                        \/\/ Handle organizer filter change\n                        jQuery('select[name=\"filter_with_organizer\"]').on('change', function () {\n                            applyAllFilters();\n                        });\n                        \/\/ Combined filter function that applies all filters\n                        function applyAllFilters() {\n                            var titleFilter = jQuery('input[name=\"filter_with_title\"]').val().toLowerCase();\n                            var dateFilter = jQuery('input[name=\"filter_with_date\"]').val();\n                            var stateFilter = jQuery('select[name=\"filter_with_state\"]').val();\n                            var cityFilter = jQuery('select[name=\"filter_with_city\"]').val();\n                            var categoryFilter = jQuery('select[name=\"filter_with_category\"]').val();\n                            var organizerFilter = jQuery('select[name=\"filter_with_organizer\"]').val();\n                            var visibleCount = 0;\n                            jQuery('.mep-event-list-loop').each(function () {\n                                var $item = jQuery(this);\n                                var show = true;\n                                \/\/ Title filter\n                                if (titleFilter) {\n                                    var itemTitle = ($item.data('title') || '').toLowerCase();\n                                    if (itemTitle.indexOf(titleFilter) === -1) {\n                                        show = false;\n                                    }\n                                }\n                                \/\/ Date filter\n                                if (show && dateFilter) {\n                                    var itemDate = $item.data('date');\n                                    if (itemDate) {\n                                        var filterDate = new Date(dateFilter);\n                                        filterDate.setHours(0, 0, 0, 0);\n                                        var itemDateObj = new Date(itemDate);\n                                        itemDateObj.setHours(0, 0, 0, 0);\n                                        if (itemDateObj.getTime() !== filterDate.getTime()) {\n                                            show = false;\n                                        }\n                                    } else {\n                                        show = false;\n                                    }\n                                }\n                                \/\/ State filter\n                                if (show && stateFilter) {\n                                    var itemState = $item.data('state') || '';\n                                    if (itemState !== stateFilter) {\n                                        show = false;\n                                    }\n                                }\n                                \/\/ City filter\n                                if (show && cityFilter) {\n                                    var itemCity = $item.data('city-name') || '';\n                                    if (itemCity !== cityFilter) {\n                                        show = false;\n                                    }\n                                }\n                                \/\/ Category filter\n                                if (show && categoryFilter) {\n                                    var itemCategory = $item.data('category') || '';\n                                    \/\/ Check if category matches (can be comma-separated)\n                                    var itemCategories = itemCategory.split(',').map(function (c) {\n                                        return c.trim();\n                                    });\n                                    if (itemCategories.indexOf(categoryFilter) === -1) {\n                                        show = false;\n                                    }\n                                }\n                                \/\/ Organizer filter\n                                if (show && organizerFilter) {\n                                    var itemOrganizer = $item.data('organizer') || '';\n                                    \/\/ Check if organizer matches (can be comma-separated)\n                                    var itemOrganizers = itemOrganizer.split(',').map(function (o) {\n                                        return o.trim();\n                                    });\n                                    if (itemOrganizers.indexOf(organizerFilter) === -1) {\n                                        show = false;\n                                    }\n                                }\n                                if (show) {\n                                    $item.show();\n                                    visibleCount++;\n                                } else {\n                                    $item.hide();\n                                }\n                            });\n                            \/\/ Update count display\n                            jQuery('.qty_count').text(visibleCount);\n                        }\n                        \/\/ Update title filter to use combined function\n                        jQuery('input[name=\"filter_with_title\"]').off('keyup').on('keyup', function () {\n                            applyAllFilters();\n                        });\n                        \/\/ Update date filter to use combined function\n                        jQuery('input[name=\"filter_with_date\"]').off('change').on('change', function () {\n                            applyAllFilters();\n                        });\n                        \/\/ Update state filter to use combined function\n                        jQuery('select[name=\"filter_with_state\"]').off('change').on('change', function () {\n                            applyAllFilters();\n                        });\n\t\t\t\t\t\t                    });\n                <\/script>\n                <\/div>\r\n\t\t\t\t<\/div>\n\t\t\t\t<\/div>\n\t\t\t\t<\/div>\n\t\t\t\t<\/div>\n\t\t\t\t<\/div>\n\t\t","protected":false},"excerpt":{"rendered":"<p>Vivace Schule Kurse f\u00fcr italienische Sprache und Kultur &#8220;In der Sprache stellt die Kunst ihr erstes bildhaftes Werk dar&#8221;. Joseph G\u00f6rres (1776-1848) Dank der Unterst\u00fctzung durch das italienische Ministerium f\u00fcr ausw\u00e4rtige Angelegenheiten und internationale Zusammenarbeit ist es m\u00f6glich, an der Vivace-Freiburg Deutsch und Italienisch zu lernen. Italienische Sprach- und Kulturkurse werden f\u00fcr alle Sch\u00fcler angeboten, [&hellip;]<\/p>\n","protected":false},"author":1,"featured_media":0,"parent":0,"menu_order":0,"comment_status":"closed","ping_status":"closed","template":"full-width.php","meta":{"_acf_changed":false,"ngg_post_thumbnail":0,"footnotes":""},"categories":[],"tags":[],"class_list":["post-7835","page","type-page","status-publish","hentry"],"acf":[],"_links":{"self":[{"href":"https:\/\/vivace-freiburg.org\/de\/wp-json\/wp\/v2\/pages\/7835","targetHints":{"allow":["GET"]}}],"collection":[{"href":"https:\/\/vivace-freiburg.org\/de\/wp-json\/wp\/v2\/pages"}],"about":[{"href":"https:\/\/vivace-freiburg.org\/de\/wp-json\/wp\/v2\/types\/page"}],"author":[{"embeddable":true,"href":"https:\/\/vivace-freiburg.org\/de\/wp-json\/wp\/v2\/users\/1"}],"replies":[{"embeddable":true,"href":"https:\/\/vivace-freiburg.org\/de\/wp-json\/wp\/v2\/comments?post=7835"}],"version-history":[{"count":0,"href":"https:\/\/vivace-freiburg.org\/de\/wp-json\/wp\/v2\/pages\/7835\/revisions"}],"wp:attachment":[{"href":"https:\/\/vivace-freiburg.org\/de\/wp-json\/wp\/v2\/media?parent=7835"}],"wp:term":[{"taxonomy":"category","embeddable":true,"href":"https:\/\/vivace-freiburg.org\/de\/wp-json\/wp\/v2\/categories?post=7835"},{"taxonomy":"post_tag","embeddable":true,"href":"https:\/\/vivace-freiburg.org\/de\/wp-json\/wp\/v2\/tags?post=7835"}],"curies":[{"name":"wp","href":"https:\/\/api.w.org\/{rel}","templated":true}]}}